{"id":23175,"date":"2026-04-28T08:44:00","date_gmt":"2026-04-28T06:44:00","guid":{"rendered":"https:\/\/mobilsofa.com\/?post_type=reference&#038;p=23175"},"modified":"2026-04-28T13:34:18","modified_gmt":"2026-04-28T11:34:18","slug":"agromash-2026-axial-pavilon","status":"publish","type":"reference","link":"https:\/\/mobilsofa.com\/en\/reference\/agromash-2026-axial-pavilon\/","title":{"rendered":"Agromash 2026, Axi\u00e1l pavilon"},"content":{"rendered":"<p>Az AXI\u00c1L minden \u00e9vben reprezentat\u00edv megjelen\u00e9ssel k\u00e9sz\u00fcl az Agromash ki\u00e1ll\u00edt\u00e1sra. 2026-ra az eddigiekn\u00e9l is l\u00e1tv\u00e1nyosabb megjelen\u00e9sre \u00e9rkezett felk\u00e9r\u00e9s, ami a Hungexpo teljes H pavilonj\u00e1nak, 5700 m\u00b2 berendez\u00e9s\u00e9re sz\u00f3lt, egyedi Axi\u00e1l atmoszf\u00e9ra kialak\u00edt\u00e1s\u00e1val.<\/p>\n\n\n\n<figure class=\"wp-block-embed is-type-video is-provider-vimeo wp-block-embed-vimeo wp-embed-aspect-16-9 wp-has-aspect-ratio\"><div class=\"wp-block-embed__wrapper\">\n<iframe title=\"Axi\u00e1l - Agromash Expo Budapest 2026\" src=\"https:\/\/player.vimeo.com\/video\/1186232899?dnt=1&amp;app_id=122963\" width=\"800\" height=\"450\" frameborder=\"0\" allow=\"autoplay; fullscreen; picture-in-picture; clipboard-write; encrypted-media; web-share\" referrerpolicy=\"strict-origin-when-cross-origin\"><\/iframe>\n<\/div><\/figure>\n\n\n\n<p>Inspir\u00e1ci\u00f3k\u00e9nt szolg\u00e1ltak a mez\u0151gazdas\u00e1gi t\u00e9m\u00e1hoz passzol\u00f3 fa b\u00fatorfel\u00fcletek, a term\u00e9szetes hat\u00e1st er\u0151s\u00edt\u0151 n\u00f6v\u00e9nyi dekor\u00e1ci\u00f3k \u00e9s a rendezv\u00e9ny funkci\u00f3k ment\u00e9n k\u00fcl\u00f6nb\u00f6z\u0151 alakzatban kombin\u00e1lhat\u00f3, vil\u00e1g\u00edt\u00f3 t\u00e9relemek.<\/p>\n\n\n\n<div class=\"wp-block-columns is-layout-flex wp-container-core-columns-is-layout-28f84493 wp-block-columns-is-layout-flex\">\n<div class=\"wp-block-column is-layout-flow wp-block-column-is-layout-flow\">\n<figure class=\"wp-block-image size-large\"><img fetchpriority=\"high\" decoding=\"async\" width=\"1280\" height=\"720\" src=\"https:\/\/mobilsofa.com\/wp-content\/uploads\/2026\/04\/6-1024x576.jpg\" alt=\"\" class=\"wp-image-23176\" srcset=\"https:\/\/mobilsofa.com\/wp-content\/uploads\/2026\/04\/6-1024x576.jpg 1024w, https:\/\/mobilsofa.com\/wp-content\/uploads\/2026\/04\/6-300x169.jpg 300w, https:\/\/mobilsofa.com\/wp-content\/uploads\/2026\/04\/6-768x432.jpg 768w, https:\/\/mobilsofa.com\/wp-content\/uploads\/2026\/04\/6-18x10.jpg 18w, https:\/\/mobilsofa.com\/wp-content\/uploads\/2026\/04\/6-600x338.jpg 600w, https:\/\/mobilsofa.com\/wp-content\/uploads\/2026\/04\/6.jpg 1280w\" sizes=\"(max-width: 1280px) 100vw, 1280px\" \/><\/figure>\n<\/div>\n\n\n\n<div class=\"wp-block-column is-layout-flow wp-block-column-is-layout-flow\">\n<figure class=\"wp-block-image size-large\"><img decoding=\"async\" width=\"1024\" height=\"576\" src=\"https:\/\/mobilsofa.com\/wp-content\/uploads\/2026\/04\/9-1024x576.jpg\" alt=\"\" class=\"wp-image-23177\" srcset=\"https:\/\/mobilsofa.com\/wp-content\/uploads\/2026\/04\/9-1024x576.jpg 1024w, https:\/\/mobilsofa.com\/wp-content\/uploads\/2026\/04\/9-300x169.jpg 300w, https:\/\/mobilsofa.com\/wp-content\/uploads\/2026\/04\/9-768x432.jpg 768w, https:\/\/mobilsofa.com\/wp-content\/uploads\/2026\/04\/9-18x10.jpg 18w, https:\/\/mobilsofa.com\/wp-content\/uploads\/2026\/04\/9-600x338.jpg 600w, https:\/\/mobilsofa.com\/wp-content\/uploads\/2026\/04\/9.jpg 1280w\" sizes=\"(max-width: 1024px) 100vw, 1024px\" \/><\/figure>\n<\/div>\n<\/div>\n\n\n\n<p>A f\u0151szerep a t\u00f6bb mint 70 gazdas\u00e1gi haszonj\u00e1rm\u0171\u00e9 volt, melyek k\u00f6z\u00fcl 5 kiemelt szerepet kapott a ki\u00e1ll\u00edt\u00e1s sor\u00e1n. A rendezv\u00e9ny design-t az impoz\u00e1ns \u00e9s robosztus g\u00e9pek k\u00f6r\u00e9 \u00e9p\u00edtett\u00fck.<\/p>\n\n\n\n<p>Fontos szerepe volt a rendezv\u00e9ny funkci\u00f3k meghat\u00e1roz\u00e1s\u00e1nak \u00e9s a funkci\u00f3k teljesk\u00f6r\u0171 kiszolg\u00e1l\u00e1s\u00e1nak. A rendelkez\u00e9sre \u00e1ll\u00f3 t\u00e9rben egy \u00fcgyf\u00e9lt\u00e1rgyal\u00e1sok lefolytat\u00e1s\u00e1ra alkalmas \u201eT\u00e1rgyal\u00f3\u201d r\u00e9szt, \u201eAxial Shop\u201d-ot, a le\u00e1nyv\u00e1llalatokat bemutat\u00f3 &#8222;\u00dczlet\u00e1gi pontok&#8221;-at, &#8222;Inform\u00e1ci\u00f3s pont&#8221;-ot, t\u00f6bb helyen &#8222;Pihen\u0151pont&#8221;-ot, l\u00e1togat\u00f3kat bevon\u00f3 aktivit\u00e1sokat befogad\u00f3 helysz\u00edneket, valamint tud\u00e1smegoszt\u00e1sra szolg\u00e1l\u00f3 &#8222;Tud\u00e1sb\u00e1zisok&#8221;-at alak\u00edtottunk ki.<\/p>\n\n\n\n<div class=\"wp-block-columns is-layout-flex wp-container-core-columns-is-layout-28f84493 wp-block-columns-is-layout-flex\">\n<div class=\"wp-block-column is-layout-flow wp-block-column-is-layout-flow\">\n<figure class=\"wp-block-image size-large\"><img decoding=\"async\" width=\"1024\" height=\"683\" src=\"https:\/\/mobilsofa.com\/wp-content\/uploads\/2026\/04\/EOS_0324-1024x683.jpg\" alt=\"\" class=\"wp-image-23178\" srcset=\"https:\/\/mobilsofa.com\/wp-content\/uploads\/2026\/04\/EOS_0324-1024x683.jpg 1024w, https:\/\/mobilsofa.com\/wp-content\/uploads\/2026\/04\/EOS_0324-300x200.jpg 300w, https:\/\/mobilsofa.com\/wp-content\/uploads\/2026\/04\/EOS_0324-768x512.jpg 768w, https:\/\/mobilsofa.com\/wp-content\/uploads\/2026\/04\/EOS_0324-1536x1024.jpg 1536w, https:\/\/mobilsofa.com\/wp-content\/uploads\/2026\/04\/EOS_0324-2048x1365.jpg 2048w, https:\/\/mobilsofa.com\/wp-content\/uploads\/2026\/04\/EOS_0324-18x12.jpg 18w, https:\/\/mobilsofa.com\/wp-content\/uploads\/2026\/04\/EOS_0324-600x400.jpg 600w\" sizes=\"(max-width: 1024px) 100vw, 1024px\" \/><\/figure>\n<\/div>\n\n\n\n<div class=\"wp-block-column is-layout-flow wp-block-column-is-layout-flow\">\n<figure class=\"wp-block-image size-large\"><img loading=\"lazy\" decoding=\"async\" width=\"1024\" height=\"683\" src=\"https:\/\/mobilsofa.com\/wp-content\/uploads\/2026\/04\/EOS_0363-1024x683.jpg\" alt=\"\" class=\"wp-image-23179\" srcset=\"https:\/\/mobilsofa.com\/wp-content\/uploads\/2026\/04\/EOS_0363-1024x683.jpg 1024w, https:\/\/mobilsofa.com\/wp-content\/uploads\/2026\/04\/EOS_0363-300x200.jpg 300w, https:\/\/mobilsofa.com\/wp-content\/uploads\/2026\/04\/EOS_0363-768x512.jpg 768w, https:\/\/mobilsofa.com\/wp-content\/uploads\/2026\/04\/EOS_0363-1536x1024.jpg 1536w, https:\/\/mobilsofa.com\/wp-content\/uploads\/2026\/04\/EOS_0363-2048x1365.jpg 2048w, https:\/\/mobilsofa.com\/wp-content\/uploads\/2026\/04\/EOS_0363-18x12.jpg 18w, https:\/\/mobilsofa.com\/wp-content\/uploads\/2026\/04\/EOS_0363-600x400.jpg 600w\" sizes=\"(max-width: 1024px) 100vw, 1024px\" \/><\/figure>\n<\/div>\n\n\n\n<div class=\"wp-block-column is-layout-flow wp-block-column-is-layout-flow\">\n<figure class=\"wp-block-image size-large\"><img loading=\"lazy\" decoding=\"async\" width=\"1024\" height=\"683\" src=\"https:\/\/mobilsofa.com\/wp-content\/uploads\/2026\/04\/EOS_0462-1024x683.jpg\" alt=\"\" class=\"wp-image-23180\" srcset=\"https:\/\/mobilsofa.com\/wp-content\/uploads\/2026\/04\/EOS_0462-1024x683.jpg 1024w, https:\/\/mobilsofa.com\/wp-content\/uploads\/2026\/04\/EOS_0462-300x200.jpg 300w, https:\/\/mobilsofa.com\/wp-content\/uploads\/2026\/04\/EOS_0462-768x512.jpg 768w, https:\/\/mobilsofa.com\/wp-content\/uploads\/2026\/04\/EOS_0462-1536x1024.jpg 1536w, https:\/\/mobilsofa.com\/wp-content\/uploads\/2026\/04\/EOS_0462-2048x1365.jpg 2048w, https:\/\/mobilsofa.com\/wp-content\/uploads\/2026\/04\/EOS_0462-18x12.jpg 18w, https:\/\/mobilsofa.com\/wp-content\/uploads\/2026\/04\/EOS_0462-600x400.jpg 600w\" sizes=\"(max-width: 1024px) 100vw, 1024px\" \/><\/figure>\n<\/div>\n<\/div>\n\n\n\n<div class=\"wp-block-columns is-layout-flex wp-container-core-columns-is-layout-28f84493 wp-block-columns-is-layout-flex\">\n<div class=\"wp-block-column is-layout-flow wp-block-column-is-layout-flow\">\n<figure class=\"wp-block-image size-large\"><img loading=\"lazy\" decoding=\"async\" width=\"1024\" height=\"683\" src=\"https:\/\/mobilsofa.com\/wp-content\/uploads\/2026\/04\/EOS_0481-1024x683.jpg\" alt=\"\" class=\"wp-image-23181\" srcset=\"https:\/\/mobilsofa.com\/wp-content\/uploads\/2026\/04\/EOS_0481-1024x683.jpg 1024w, https:\/\/mobilsofa.com\/wp-content\/uploads\/2026\/04\/EOS_0481-300x200.jpg 300w, https:\/\/mobilsofa.com\/wp-content\/uploads\/2026\/04\/EOS_0481-768x512.jpg 768w, https:\/\/mobilsofa.com\/wp-content\/uploads\/2026\/04\/EOS_0481-1536x1024.jpg 1536w, https:\/\/mobilsofa.com\/wp-content\/uploads\/2026\/04\/EOS_0481-2048x1365.jpg 2048w, https:\/\/mobilsofa.com\/wp-content\/uploads\/2026\/04\/EOS_0481-18x12.jpg 18w, https:\/\/mobilsofa.com\/wp-content\/uploads\/2026\/04\/EOS_0481-600x400.jpg 600w\" sizes=\"(max-width: 1024px) 100vw, 1024px\" \/><\/figure>\n<\/div>\n\n\n\n<div class=\"wp-block-column is-layout-flow wp-block-column-is-layout-flow\">\n<figure class=\"wp-block-image size-large\"><img loading=\"lazy\" decoding=\"async\" width=\"1024\" height=\"576\" src=\"https:\/\/mobilsofa.com\/wp-content\/uploads\/2026\/04\/IMG_9526-1024x576.jpg\" alt=\"\" class=\"wp-image-23182\" style=\"aspect-ratio:3\/2;object-fit:cover\" srcset=\"https:\/\/mobilsofa.com\/wp-content\/uploads\/2026\/04\/IMG_9526-1024x576.jpg 1024w, https:\/\/mobilsofa.com\/wp-content\/uploads\/2026\/04\/IMG_9526-300x169.jpg 300w, https:\/\/mobilsofa.com\/wp-content\/uploads\/2026\/04\/IMG_9526-768x432.jpg 768w, https:\/\/mobilsofa.com\/wp-content\/uploads\/2026\/04\/IMG_9526-1536x864.jpg 1536w, https:\/\/mobilsofa.com\/wp-content\/uploads\/2026\/04\/IMG_9526-2048x1152.jpg 2048w, https:\/\/mobilsofa.com\/wp-content\/uploads\/2026\/04\/IMG_9526-18x10.jpg 18w, https:\/\/mobilsofa.com\/wp-content\/uploads\/2026\/04\/IMG_9526-600x338.jpg 600w\" sizes=\"(max-width: 1024px) 100vw, 1024px\" \/><\/figure>\n<\/div>\n\n\n\n<div class=\"wp-block-column is-layout-flow wp-block-column-is-layout-flow\">\n<figure class=\"wp-block-image size-large\"><img loading=\"lazy\" decoding=\"async\" width=\"1024\" height=\"683\" src=\"https:\/\/mobilsofa.com\/wp-content\/uploads\/2026\/04\/IMG_9626-1024x683.jpg\" alt=\"\" class=\"wp-image-23183\" srcset=\"https:\/\/mobilsofa.com\/wp-content\/uploads\/2026\/04\/IMG_9626-1024x683.jpg 1024w, https:\/\/mobilsofa.com\/wp-content\/uploads\/2026\/04\/IMG_9626-300x200.jpg 300w, https:\/\/mobilsofa.com\/wp-content\/uploads\/2026\/04\/IMG_9626-768x512.jpg 768w, https:\/\/mobilsofa.com\/wp-content\/uploads\/2026\/04\/IMG_9626-1536x1024.jpg 1536w, https:\/\/mobilsofa.com\/wp-content\/uploads\/2026\/04\/IMG_9626-2048x1365.jpg 2048w, https:\/\/mobilsofa.com\/wp-content\/uploads\/2026\/04\/IMG_9626-18x12.jpg 18w, https:\/\/mobilsofa.com\/wp-content\/uploads\/2026\/04\/IMG_9626-600x400.jpg 600w\" sizes=\"(max-width: 1024px) 100vw, 1024px\" \/><\/figure>\n<\/div>\n<\/div>\n\n\n\n<p>Az egys\u00e9ges st\u00edlust \u00e9s arculati megjelen\u00e9st a Mobilsofa standrendszer elemeib\u0151l \u00f6ssze\u00e1ll\u00edtott szigetek biztos\u00edtott\u00e1k. Minden sziget egy-egy speci\u00e1lis funkci\u00f3t fogadott be \u00e9s ennek az adott funkci\u00f3nak megfelel\u0151en alak\u00edtottuk ki a b\u00fatorzatot.<\/p>\n\n\n\n<p>A branding elemek a funkci\u00f3k tervez\u00e9s\u00e9n\u00e9l kiemelt szerepet kaptak, hogy a m\u00e1rka megjelen\u00e9se a teljes ter\u00fcleten hangs\u00falyos \u00e9s egys\u00e9ges legyen. Az elemek k\u00f6z\u00f6tt l\u00e9gt\u00e9ri elemeket, vil\u00e1g\u00edt\u00f3 falakat, oszlopokat \u00e9s speci\u00e1lis t\u00e9relemeket, kapukat alkalmaztunk. Az \u00fczletk\u00f6t\u00e9seket modern \u00fcl\u0151b\u00fatorokkal \u00e9s innovat\u00edv megjelen\u00e9s\u0171 b\u00e1rral t\u00e1mogattuk, amit a mez\u0151gazdas\u00e1gi t\u00e9m\u00e1hoz kapcsol\u00f3d\u00f3 raklap b\u00fatorainkkal eg\u00e9sz\u00edtett\u00fcnk ki.<\/p>\n\n\n\n<p><\/p>","protected":false},"featured_media":23178,"parent":0,"template":"","meta":{"_acf_changed":false,"inline_featured_image":false},"reference-category":[56],"reference-client":[386],"reference-location":[140],"reference-tag":[280],"class_list":["post-23175","reference","type-reference","status-publish","has-post-thumbnail","hentry","reference-category-standok","reference-client-axial-kft","reference-location-hungexpo","reference-tag-kiallitas"],"acf":[],"meta_box":[],"_links":{"self":[{"href":"https:\/\/mobilsofa.com\/en\/wp-json\/wp\/v2\/reference\/23175","targetHints":{"allow":["GET"]}}],"collection":[{"href":"https:\/\/mobilsofa.com\/en\/wp-json\/wp\/v2\/reference"}],"about":[{"href":"https:\/\/mobilsofa.com\/en\/wp-json\/wp\/v2\/types\/reference"}],"wp:featuredmedia":[{"embeddable":true,"href":"https:\/\/mobilsofa.com\/en\/wp-json\/wp\/v2\/media\/23178"}],"wp:attachment":[{"href":"https:\/\/mobilsofa.com\/en\/wp-json\/wp\/v2\/media?parent=23175"}],"wp:term":[{"taxonomy":"reference-category","embeddable":true,"href":"https:\/\/mobilsofa.com\/en\/wp-json\/wp\/v2\/reference-category?post=23175"},{"taxonomy":"reference-client","embeddable":true,"href":"https:\/\/mobilsofa.com\/en\/wp-json\/wp\/v2\/reference-client?post=23175"},{"taxonomy":"reference-location","embeddable":true,"href":"https:\/\/mobilsofa.com\/en\/wp-json\/wp\/v2\/reference-location?post=23175"},{"taxonomy":"reference-tag","embeddable":true,"href":"https:\/\/mobilsofa.com\/en\/wp-json\/wp\/v2\/reference-tag?post=23175"}],"curies":[{"name":"wp","href":"https:\/\/api.w.org\/{rel}","templated":true}]}}